{"id":6736,"date":"2024-10-24T17:02:59","date_gmt":"2024-10-24T15:02:59","guid":{"rendered":"https:\/\/www.chateau-scandaillac.fr\/accommodation\/tweepersoonskamer-belvedere-toren\/"},"modified":"2025-04-24T14:46:43","modified_gmt":"2025-04-24T12:46:43","slug":"tweepersoonskamer-belvedere-toren","status":"publish","type":"mphb_room_type","link":"https:\/\/www.chateau-scandaillac.fr\/nl\/accommodation\/tweepersoonskamer-belvedere-toren\/","title":{"rendered":"Tweepersoonskamer | Belv\u00e9d\u00e8re Toren"},"content":{"rendered":"\t\t<div data-elementor-type=\"wp-post\" data-elementor-id=\"6736\" class=\"elementor elementor-6736 elementor-4784\">\n\t\t\t\t\t\t<section class=\"elementor-section elementor-top-section elementor-element elementor-element-1b0d5f7 elementor-section-full_width elementor-section-height-default elementor-section-height-default\" data-id=\"1b0d5f7\" data-element_type=\"section\" data-settings=\"{&quot;background_background&quot;:&quot;classic&quot;}\">\n\t\t\t\t\t\t\t<div class=\"elementor-background-overlay\"><\/div>\n\t\t\t\t\t\t\t<div class=\"elementor-container elementor-column-gap-no\">\n\t\t\t\t\t<div class=\"elementor-column elementor-col-100 elementor-top-column elementor-element elementor-element-addbf5f\" data-id=\"addbf5f\" data-element_type=\"column\">\n\t\t\t<div class=\"elementor-widget-wrap elementor-element-populated\">\n\t\t\t\t\t\t<div class=\"elementor-element elementor-element-b79e46e elementor-widget elementor-widget-kinsley-intro\" data-id=\"b79e46e\" data-element_type=\"widget\" data-widget_type=\"kinsley-intro.default\">\n\t\t\t\t<div class=\"elementor-widget-container\">\n\t\t\t\t\t\n\t\t<!-- banner -->\n\t\t<section class=\"knsl-banner-simple knsl-transition-bottom knsl-banner-white\">\n\t\t\t\t\t\t\t\n\t\t\n\t\t\t\n\t\t\t\t\t\t<div class=\"container\"><div class=\"row\"><div class=\"col-lg-12\">\n\t\t\t\t\t\t<div class=\"knsl-center knsl-title-frame\">\n\t\t\t\t\t\t\t\t<h1 class=\"knsl-title--h knsl-mb-20 knsl-h1-inner\">\n\t\t\t\t\t<span >\n\t\t\t\t\t\tTweepersoonskamer | Belv\u00e9d\u00e8re Toren\n\t\t\t\t\t<\/span>\n\t\t\t\t<\/h1>\n\t\t\t\t\t\t\t\t\t\t\t\t\t\t\t<\/div>\n\t\t\t\t\t\t<\/div><\/div><\/div>\n\t\t\t\n\t\t<\/section>\n\t\t<!-- banner end -->\n\n\t\t\t\t\t\t<\/div>\n\t\t\t\t<\/div>\n\t\t\t\t\t<\/div>\n\t\t<\/div>\n\t\t\t\t\t<\/div>\n\t\t<\/section>\n\t\t\t\t<section class=\"elementor-section elementor-top-section elementor-element elementor-element-cab18ba set-sticky-container elementor-reverse-mobile elementor-reverse-tablet elementor-section-boxed elementor-section-height-default elementor-section-height-default\" data-id=\"cab18ba\" data-element_type=\"section\">\n\t\t\t\t\t\t<div class=\"elementor-container elementor-column-gap-default\">\n\t\t\t\t\t<div class=\"elementor-column elementor-col-66 elementor-top-column elementor-element elementor-element-42543e5\" data-id=\"42543e5\" data-element_type=\"column\">\n\t\t\t<div class=\"elementor-widget-wrap elementor-element-populated\">\n\t\t\t\t\t\t<section class=\"elementor-section elementor-inner-section elementor-element elementor-element-290a71d elementor-section-full_width elementor-section-height-default elementor-section-height-default\" data-id=\"290a71d\" data-element_type=\"section\">\n\t\t\t\t\t\t<div class=\"elementor-container elementor-column-gap-no\">\n\t\t\t\t\t<div class=\"elementor-column elementor-col-100 elementor-inner-column elementor-element elementor-element-75f8650\" data-id=\"75f8650\" data-element_type=\"column\">\n\t\t\t<div class=\"elementor-widget-wrap elementor-element-populated\">\n\t\t\t\t\t\t<div class=\"elementor-element elementor-element-7f966b9 elementor-widget elementor-widget-kinsley-photo-gallery\" data-id=\"7f966b9\" data-element_type=\"widget\" data-widget_type=\"kinsley-photo-gallery.default\">\n\t\t\t\t<div class=\"elementor-widget-container\">\n\t\t\t\t\t\n\t\t<div class=\"knsl-room-detail-slider-frame knsl-mb-60\">\n\t\t\t\n\t\t\t\n\t\t\t\t\t\t<div class=\"swiper-container knsl-rd-slider-2 knsl-mb-10\">\n\t\t\t\t<div class=\"swiper-wrapper\">\n\t\t\t\t\t\t\t\t\t\t<div class=\"swiper-slide\">\n\t\t\t\t\t\t\t\t\t\t\t\t<a data-elementor-lightbox-slideshow=\"photo-gallery-7f966b9\" data-elementor-lightbox-title=\"Tweepersoonskamer Belv\u00e9d\u00e8re Toren\" href=\"https:\/\/www.chateau-scandaillac.fr\/wp-content\/uploads\/2024\/10\/chateau-scandaillac-room-14-01.webp\" class=\"knsl-room-detail-photo-lg\" data-swiper-parallax=\"-80\" data-swiper-parallax-scale=\"1.2\" data-swiper-parallax-duration=\"400\">\n\t\t\t\t\t\t\t<img decoding=\"async\" src=\"https:\/\/www.chateau-scandaillac.fr\/wp-content\/uploads\/2024\/10\/chateau-scandaillac-room-14-01.webp\" alt=\"Tweepersoonskamer Belv\u00e9d\u00e8re Toren\" \/>\n\t\t\t\t\t\t\t<span class=\"knsl-zoom\"><i class=\"fas fa-search-plus\"><\/i><\/span>\n\t\t\t\t\t\t<\/a>\n\t\t\t\t\t\t\t\t\t\t\t<\/div>\n\t\t\t\t\t\t\t\t\t\t<div class=\"swiper-slide\">\n\t\t\t\t\t\t\t\t\t\t\t\t<a data-elementor-lightbox-slideshow=\"photo-gallery-7f966b9\" data-elementor-lightbox-title=\"Tweepersoonskamer Belv\u00e9d\u00e8re Toren\" href=\"https:\/\/www.chateau-scandaillac.fr\/wp-content\/uploads\/2024\/10\/chateau-scandaillac-room-14-02.webp\" class=\"knsl-room-detail-photo-lg\" data-swiper-parallax=\"-80\" data-swiper-parallax-scale=\"1.2\" data-swiper-parallax-duration=\"400\">\n\t\t\t\t\t\t\t<img decoding=\"async\" src=\"https:\/\/www.chateau-scandaillac.fr\/wp-content\/uploads\/2024\/10\/chateau-scandaillac-room-14-02.webp\" alt=\"Tweepersoonskamer Belv\u00e9d\u00e8re Toren\" \/>\n\t\t\t\t\t\t\t<span class=\"knsl-zoom\"><i class=\"fas fa-search-plus\"><\/i><\/span>\n\t\t\t\t\t\t<\/a>\n\t\t\t\t\t\t\t\t\t\t\t<\/div>\n\t\t\t\t\t\t\t\t\t\t<div class=\"swiper-slide\">\n\t\t\t\t\t\t\t\t\t\t\t\t<a data-elementor-lightbox-slideshow=\"photo-gallery-7f966b9\" data-elementor-lightbox-title=\"Tweepersoonskamer Belv\u00e9d\u00e8re Toren\" href=\"https:\/\/www.chateau-scandaillac.fr\/wp-content\/uploads\/2024\/10\/chateau-scandaillac-room-14-03.webp\" class=\"knsl-room-detail-photo-lg\" data-swiper-parallax=\"-80\" data-swiper-parallax-scale=\"1.2\" data-swiper-parallax-duration=\"400\">\n\t\t\t\t\t\t\t<img decoding=\"async\" src=\"https:\/\/www.chateau-scandaillac.fr\/wp-content\/uploads\/2024\/10\/chateau-scandaillac-room-14-03.webp\" alt=\"Tweepersoonskamer Belv\u00e9d\u00e8re Toren\" \/>\n\t\t\t\t\t\t\t<span class=\"knsl-zoom\"><i class=\"fas fa-search-plus\"><\/i><\/span>\n\t\t\t\t\t\t<\/a>\n\t\t\t\t\t\t\t\t\t\t\t<\/div>\n\t\t\t\t\t\t\t\t\t\t<div class=\"swiper-slide\">\n\t\t\t\t\t\t\t\t\t\t\t\t<a data-elementor-lightbox-slideshow=\"photo-gallery-7f966b9\" data-elementor-lightbox-title=\"Tweepersoonskamer Belv\u00e9d\u00e8re Toren\" href=\"https:\/\/www.chateau-scandaillac.fr\/wp-content\/uploads\/2024\/10\/chateau-scandaillac-room-14-04.webp\" class=\"knsl-room-detail-photo-lg\" data-swiper-parallax=\"-80\" data-swiper-parallax-scale=\"1.2\" data-swiper-parallax-duration=\"400\">\n\t\t\t\t\t\t\t<img decoding=\"async\" src=\"https:\/\/www.chateau-scandaillac.fr\/wp-content\/uploads\/2024\/10\/chateau-scandaillac-room-14-04.webp\" alt=\"Tweepersoonskamer Belv\u00e9d\u00e8re Toren\" \/>\n\t\t\t\t\t\t\t<span class=\"knsl-zoom\"><i class=\"fas fa-search-plus\"><\/i><\/span>\n\t\t\t\t\t\t<\/a>\n\t\t\t\t\t\t\t\t\t\t\t<\/div>\n\t\t\t\t\t\t\t\t\t\t<div class=\"swiper-slide\">\n\t\t\t\t\t\t\t\t\t\t\t\t<a data-elementor-lightbox-slideshow=\"photo-gallery-7f966b9\" data-elementor-lightbox-title=\"Tweepersoonskamer Belv\u00e9d\u00e8re Toren\" href=\"https:\/\/www.chateau-scandaillac.fr\/wp-content\/uploads\/2024\/10\/chateau-scandaillac-room-14-05.webp\" class=\"knsl-room-detail-photo-lg\" data-swiper-parallax=\"-80\" data-swiper-parallax-scale=\"1.2\" data-swiper-parallax-duration=\"400\">\n\t\t\t\t\t\t\t<img decoding=\"async\" src=\"https:\/\/www.chateau-scandaillac.fr\/wp-content\/uploads\/2024\/10\/chateau-scandaillac-room-14-05.webp\" alt=\"Tweepersoonskamer Belv\u00e9d\u00e8re Toren\" \/>\n\t\t\t\t\t\t\t<span class=\"knsl-zoom\"><i class=\"fas fa-search-plus\"><\/i><\/span>\n\t\t\t\t\t\t<\/a>\n\t\t\t\t\t\t\t\t\t\t\t<\/div>\n\t\t\t\t\t\t\t\t\t\t<div class=\"swiper-slide\">\n\t\t\t\t\t\t\t\t\t\t\t\t<a data-elementor-lightbox-slideshow=\"photo-gallery-7f966b9\" data-elementor-lightbox-title=\"Tweepersoonskamer Belv\u00e9d\u00e8re Toren\" href=\"https:\/\/www.chateau-scandaillac.fr\/wp-content\/uploads\/2024\/10\/chateau-scandaillac-room-14-06.webp\" class=\"knsl-room-detail-photo-lg\" data-swiper-parallax=\"-80\" data-swiper-parallax-scale=\"1.2\" data-swiper-parallax-duration=\"400\">\n\t\t\t\t\t\t\t<img decoding=\"async\" src=\"https:\/\/www.chateau-scandaillac.fr\/wp-content\/uploads\/2024\/10\/chateau-scandaillac-room-14-06.webp\" alt=\"Tweepersoonskamer Belv\u00e9d\u00e8re Toren\" \/>\n\t\t\t\t\t\t\t<span class=\"knsl-zoom\"><i class=\"fas fa-search-plus\"><\/i><\/span>\n\t\t\t\t\t\t<\/a>\n\t\t\t\t\t\t\t\t\t\t\t<\/div>\n\t\t\t\t\t\t\t\t\t\t<div class=\"swiper-slide\">\n\t\t\t\t\t\t\t\t\t\t\t\t<a data-elementor-lightbox-slideshow=\"photo-gallery-7f966b9\" data-elementor-lightbox-title=\"Tweepersoonskamer Belv\u00e9d\u00e8re Toren\" href=\"https:\/\/www.chateau-scandaillac.fr\/wp-content\/uploads\/2024\/10\/chateau-scandaillac-room-14-07.webp\" class=\"knsl-room-detail-photo-lg\" data-swiper-parallax=\"-80\" data-swiper-parallax-scale=\"1.2\" data-swiper-parallax-duration=\"400\">\n\t\t\t\t\t\t\t<img decoding=\"async\" src=\"https:\/\/www.chateau-scandaillac.fr\/wp-content\/uploads\/2024\/10\/chateau-scandaillac-room-14-07.webp\" alt=\"Tweepersoonskamer Belv\u00e9d\u00e8re Toren\" \/>\n\t\t\t\t\t\t\t<span class=\"knsl-zoom\"><i class=\"fas fa-search-plus\"><\/i><\/span>\n\t\t\t\t\t\t<\/a>\n\t\t\t\t\t\t\t\t\t\t\t<\/div>\n\t\t\t\t\t\t\t\t\t<\/div>\n\t\t\t\t\n\t\t\t\t\t\t\t<\/div>\n\t\t\t<div class=\"swiper-container knsl-rd-slider-1\">\n\t\t\t\t<div class=\"swiper-wrapper\">\n\t\t\t\t\t\t\t\t\t\t<div class=\"swiper-slide\">\n\t\t\t\t\t\t<div class=\"knsl-room-detail-photo-sm\">\n\t\t\t\t\t\t\t\t\t\t\t\t\t\t<img decoding=\"async\" src=\"https:\/\/www.chateau-scandaillac.fr\/wp-content\/uploads\/2024\/10\/chateau-scandaillac-room-14-01-950x723.webp\" alt=\"Tweepersoonskamer Belv\u00e9d\u00e8re Toren\" \/>\n\t\t\t\t\t\t\t\t\t\t\t\t\t<\/div>\n\t\t\t\t\t<\/div>\n\t\t\t\t\t\t\t\t\t\t<div class=\"swiper-slide\">\n\t\t\t\t\t\t<div class=\"knsl-room-detail-photo-sm\">\n\t\t\t\t\t\t\t\t\t\t\t\t\t\t<img decoding=\"async\" src=\"https:\/\/www.chateau-scandaillac.fr\/wp-content\/uploads\/2024\/10\/chateau-scandaillac-room-14-02-950x713.webp\" alt=\"Tweepersoonskamer Belv\u00e9d\u00e8re Toren\" \/>\n\t\t\t\t\t\t\t\t\t\t\t\t\t<\/div>\n\t\t\t\t\t<\/div>\n\t\t\t\t\t\t\t\t\t\t<div class=\"swiper-slide\">\n\t\t\t\t\t\t<div class=\"knsl-room-detail-photo-sm\">\n\t\t\t\t\t\t\t\t\t\t\t\t\t\t<img decoding=\"async\" src=\"https:\/\/www.chateau-scandaillac.fr\/wp-content\/uploads\/2024\/10\/chateau-scandaillac-room-14-03.webp\" alt=\"Tweepersoonskamer Belv\u00e9d\u00e8re Toren\" \/>\n\t\t\t\t\t\t\t\t\t\t\t\t\t<\/div>\n\t\t\t\t\t<\/div>\n\t\t\t\t\t\t\t\t\t\t<div class=\"swiper-slide\">\n\t\t\t\t\t\t<div class=\"knsl-room-detail-photo-sm\">\n\t\t\t\t\t\t\t\t\t\t\t\t\t\t<img decoding=\"async\" src=\"https:\/\/www.chateau-scandaillac.fr\/wp-content\/uploads\/2024\/10\/chateau-scandaillac-room-14-04.webp\" alt=\"Tweepersoonskamer Belv\u00e9d\u00e8re Toren\" \/>\n\t\t\t\t\t\t\t\t\t\t\t\t\t<\/div>\n\t\t\t\t\t<\/div>\n\t\t\t\t\t\t\t\t\t\t<div class=\"swiper-slide\">\n\t\t\t\t\t\t<div class=\"knsl-room-detail-photo-sm\">\n\t\t\t\t\t\t\t\t\t\t\t\t\t\t<img decoding=\"async\" src=\"https:\/\/www.chateau-scandaillac.fr\/wp-content\/uploads\/2024\/10\/chateau-scandaillac-room-14-05-950x661.webp\" alt=\"Tweepersoonskamer Belv\u00e9d\u00e8re Toren\" \/>\n\t\t\t\t\t\t\t\t\t\t\t\t\t<\/div>\n\t\t\t\t\t<\/div>\n\t\t\t\t\t\t\t\t\t\t<div class=\"swiper-slide\">\n\t\t\t\t\t\t<div class=\"knsl-room-detail-photo-sm\">\n\t\t\t\t\t\t\t\t\t\t\t\t\t\t<img decoding=\"async\" src=\"https:\/\/www.chateau-scandaillac.fr\/wp-content\/uploads\/2024\/10\/chateau-scandaillac-room-14-06-950x535.webp\" alt=\"Tweepersoonskamer Belv\u00e9d\u00e8re Toren\" \/>\n\t\t\t\t\t\t\t\t\t\t\t\t\t<\/div>\n\t\t\t\t\t<\/div>\n\t\t\t\t\t\t\t\t\t\t<div class=\"swiper-slide\">\n\t\t\t\t\t\t<div class=\"knsl-room-detail-photo-sm\">\n\t\t\t\t\t\t\t\t\t\t\t\t\t\t<img decoding=\"async\" src=\"https:\/\/www.chateau-scandaillac.fr\/wp-content\/uploads\/2024\/10\/chateau-scandaillac-room-14-07-950x576.webp\" alt=\"Tweepersoonskamer Belv\u00e9d\u00e8re Toren\" \/>\n\t\t\t\t\t\t\t\t\t\t\t\t\t<\/div>\n\t\t\t\t\t<\/div>\n\t\t\t\t\t\t\t\t\t<\/div>\n\t\t\t\t\n\t\t\t\t\t\t\t<\/div>\n\t\t\t\n\t\t\t\n\t\t<\/div>\n\n\t\t\t\t\t\t<\/div>\n\t\t\t\t<\/div>\n\t\t\t\t\t<\/div>\n\t\t<\/div>\n\t\t\t\t\t<\/div>\n\t\t<\/section>\n\t\t\t\t<section class=\"elementor-section elementor-inner-section elementor-element elementor-element-82c9fbe elementor-section-full_width elementor-section-height-default elementor-section-height-default\" data-id=\"82c9fbe\" data-element_type=\"section\">\n\t\t\t\t\t\t<div class=\"elementor-container elementor-column-gap-no\">\n\t\t\t\t\t<div class=\"elementor-column elementor-col-100 elementor-inner-column elementor-element elementor-element-37fffb8\" data-id=\"37fffb8\" data-element_type=\"column\">\n\t\t\t<div class=\"elementor-widget-wrap elementor-element-populated\">\n\t\t\t\t\t\t<div class=\"elementor-element elementor-element-e567900 elementor-widget elementor-widget-kinsley-room-description\" data-id=\"e567900\" data-element_type=\"widget\" data-widget_type=\"kinsley-room-description.default\">\n\t\t\t\t<div class=\"elementor-widget-container\">\n\t\t\t\t\t\n\t\t<!-- description -->\n\t\t<section class=\"knsl-mb-60\">\n\t\t\t\t\t\t<h3 class=\"knsl-title--h knsl-mb-40\">\n\t\t\t\t<span >\n\t\t\t\t\tTweepersoonskamer | Belv\u00e9d\u00e8re Toren\t\t\t\t<\/span>\n\t\t\t<\/h3>\n\t\t\t\t\t\t\t\t\t<div class=\"knsl-text\">\n\t\t\t\t<div >\n\t\t\t\t\t<p>Deze kamer bevindt zich op de top van de toren. Ze biedt een panoramisch uitzicht op het omliggende platteland via de loggia, terwijl ze onder een spectaculaire dakstructuur ligt. Het heeft een zithoek. Het bed is een tweepersoonsbed van 1,60 m, waardoor deze kamer een woonkamer wordt. Er is directe toegang tot buiten en tot de binnenplaats en diensten via de hal. Er is een lift met priv\u00e9toegang met code.     <\/p>\t\t\t\t<\/div>\n\t\t\t<\/div>\n\t\t\t\t\t<\/section>\n\t\t<!-- description end -->\n\n\t\t\t\t\t\t<\/div>\n\t\t\t\t<\/div>\n\t\t\t\t\t<\/div>\n\t\t<\/div>\n\t\t\t\t\t<\/div>\n\t\t<\/section>\n\t\t\t\t<section class=\"elementor-section elementor-inner-section elementor-element elementor-element-6f4e6fa elementor-section-full_width elementor-section-height-default elementor-section-height-default\" data-id=\"6f4e6fa\" data-element_type=\"section\">\n\t\t\t\t\t\t<div class=\"elementor-container elementor-column-gap-no\">\n\t\t\t\t\t<div class=\"elementor-column elementor-col-100 elementor-inner-column elementor-element elementor-element-82cbf1b\" data-id=\"82cbf1b\" data-element_type=\"column\">\n\t\t\t<div class=\"elementor-widget-wrap elementor-element-populated\">\n\t\t\t\t\t\t<div class=\"elementor-element elementor-element-60c52ab elementor-widget elementor-widget-kinsley-room-amenity\" data-id=\"60c52ab\" data-element_type=\"widget\" data-widget_type=\"kinsley-room-amenity.default\">\n\t\t\t\t<div class=\"elementor-widget-container\">\n\t\t\t\t\t\n\t\t<!-- features -->\n\t\t<section class=\"knsl-mb-40\">\n\t\t\t<div class=\"row\">\n\t\t\t\t\t\t\t\t<div class=\"col-lg-12\">\n\t\t\t\t\t<h3 class=\"knsl-title--h knsl-mb-40\">\n\t\t\t\t\t\t<span >\n\t\t\t\t\t\t\tUitrusting\t\t\t\t\t\t<\/span>\n\t\t\t\t\t<\/h3>\n\t\t\t\t<\/div>\n\t\t\t\t\t\t\t\t\t\t\t\t\t\t\t\t<div class=\"col-6 col-md-3\">\n\n\t\t\t\t\t<!-- icon box -->\n\t\t\t\t\t<div class=\"knsl-icon-box knsl-icon-box-sm knsl-scroll-animation\">\n\t\t\t\t\t\t\t\t\t\t\t\t<a >\n\t\t\t\t\t\t\t\t\t\t\t\t\t\t<div class=\"mil-icon\">\n\t\t\t\t\t\t\t\t<img decoding=\"async\" src=\"https:\/\/www.chateau-scandaillac.fr\/wp-content\/uploads\/2021\/12\/f-3.png\" alt=\"Airconditioning\" class=\" knsl-mb-10\" \/>\n\t\t\t\t\t\t\t<\/div>\n\t\t\t\t\t\t\t\t\t\t\t\t\t\t<h5>Airconditioning<\/h5>\n\t\t\t\t\t\t<\/a>\n\t\t\t\t\t<\/div>\n\t\t\t\t\t<!-- icon box end -->\n\n\t\t\t\t<\/div>\n\t\t\t\t\t\t\t\t<div class=\"col-6 col-md-3\">\n\n\t\t\t\t\t<!-- icon box -->\n\t\t\t\t\t<div class=\"knsl-icon-box knsl-icon-box-sm knsl-scroll-animation\">\n\t\t\t\t\t\t\t\t\t\t\t\t<a >\n\t\t\t\t\t\t\t\t\t\t\t\t\t\t<div class=\"mil-icon\">\n\t\t\t\t\t\t\t\t<img decoding=\"async\" src=\"https:\/\/www.chateau-scandaillac.fr\/wp-content\/uploads\/2024\/10\/sign-bathroom.png\" alt=\"Badkamer\" class=\" knsl-mb-10\" \/>\n\t\t\t\t\t\t\t<\/div>\n\t\t\t\t\t\t\t\t\t\t\t\t\t\t<h5>Badkamer<\/h5>\n\t\t\t\t\t\t<\/a>\n\t\t\t\t\t<\/div>\n\t\t\t\t\t<!-- icon box end -->\n\n\t\t\t\t<\/div>\n\t\t\t\t\t\t\t\t<div class=\"col-6 col-md-3\">\n\n\t\t\t\t\t<!-- icon box -->\n\t\t\t\t\t<div class=\"knsl-icon-box knsl-icon-box-sm knsl-scroll-animation\">\n\t\t\t\t\t\t\t\t\t\t\t\t<a >\n\t\t\t\t\t\t\t\t\t\t\t\t\t\t<div class=\"mil-icon\">\n\t\t\t\t\t\t\t\t<img decoding=\"async\" src=\"https:\/\/www.chateau-scandaillac.fr\/wp-content\/uploads\/2024\/11\/sign-coffee-machine.png\" alt=\"Dienblad\" class=\" knsl-mb-10\" \/>\n\t\t\t\t\t\t\t<\/div>\n\t\t\t\t\t\t\t\t\t\t\t\t\t\t<h5>Dienblad<\/h5>\n\t\t\t\t\t\t<\/a>\n\t\t\t\t\t<\/div>\n\t\t\t\t\t<!-- icon box end -->\n\n\t\t\t\t<\/div>\n\t\t\t\t\t\t\t\t<div class=\"col-6 col-md-3\">\n\n\t\t\t\t\t<!-- icon box -->\n\t\t\t\t\t<div class=\"knsl-icon-box knsl-icon-box-sm knsl-scroll-animation\">\n\t\t\t\t\t\t\t\t\t\t\t\t<a >\n\t\t\t\t\t\t\t\t\t\t\t\t\t\t<div class=\"mil-icon\">\n\t\t\t\t\t\t\t\t<img decoding=\"async\" src=\"https:\/\/www.chateau-scandaillac.fr\/wp-content\/uploads\/2024\/10\/sign-towel.png\" alt=\"Handdoeken en badjassen\" class=\" knsl-mb-10\" \/>\n\t\t\t\t\t\t\t<\/div>\n\t\t\t\t\t\t\t\t\t\t\t\t\t\t<h5>Handdoeken en badjassen<\/h5>\n\t\t\t\t\t\t<\/a>\n\t\t\t\t\t<\/div>\n\t\t\t\t\t<!-- icon box end -->\n\n\t\t\t\t<\/div>\n\t\t\t\t\t\t\t\t<div class=\"col-6 col-md-3\">\n\n\t\t\t\t\t<!-- icon box -->\n\t\t\t\t\t<div class=\"knsl-icon-box knsl-icon-box-sm knsl-scroll-animation\">\n\t\t\t\t\t\t\t\t\t\t\t\t<a >\n\t\t\t\t\t\t\t\t\t\t\t\t\t\t<div class=\"mil-icon\">\n\t\t\t\t\t\t\t\t<img decoding=\"async\" src=\"https:\/\/www.chateau-scandaillac.fr\/wp-content\/uploads\/2024\/10\/sign-safe-security.png\" alt=\"Kluis\" class=\" knsl-mb-10\" \/>\n\t\t\t\t\t\t\t<\/div>\n\t\t\t\t\t\t\t\t\t\t\t\t\t\t<h5>Kluis<\/h5>\n\t\t\t\t\t\t<\/a>\n\t\t\t\t\t<\/div>\n\t\t\t\t\t<!-- icon box end -->\n\n\t\t\t\t<\/div>\n\t\t\t\t\t\t\t\t<div class=\"col-6 col-md-3\">\n\n\t\t\t\t\t<!-- icon box -->\n\t\t\t\t\t<div class=\"knsl-icon-box knsl-icon-box-sm knsl-scroll-animation\">\n\t\t\t\t\t\t\t\t\t\t\t\t<a >\n\t\t\t\t\t\t\t\t\t\t\t\t\t\t<div class=\"mil-icon\">\n\t\t\t\t\t\t\t\t<img decoding=\"async\" src=\"https:\/\/www.chateau-scandaillac.fr\/wp-content\/uploads\/2024\/10\/sign-bar-fridge-drinks.png\" alt=\"Koelkast-bar\" class=\" knsl-mb-10\" \/>\n\t\t\t\t\t\t\t<\/div>\n\t\t\t\t\t\t\t\t\t\t\t\t\t\t<h5>Koelkast-bar<\/h5>\n\t\t\t\t\t\t<\/a>\n\t\t\t\t\t<\/div>\n\t\t\t\t\t<!-- icon box end -->\n\n\t\t\t\t<\/div>\n\t\t\t\t\t\t\t\t<div class=\"col-6 col-md-3\">\n\n\t\t\t\t\t<!-- icon box -->\n\t\t\t\t\t<div class=\"knsl-icon-box knsl-icon-box-sm knsl-scroll-animation\">\n\t\t\t\t\t\t\t\t\t\t\t\t<a >\n\t\t\t\t\t\t\t\t\t\t\t\t\t\t<div class=\"mil-icon\">\n\t\t\t\t\t\t\t\t<img decoding=\"async\" src=\"https:\/\/www.chateau-scandaillac.fr\/wp-content\/uploads\/2024\/11\/sign-door-locked.png\" alt=\"Onafhankelijke toegang\" class=\" knsl-mb-10\" \/>\n\t\t\t\t\t\t\t<\/div>\n\t\t\t\t\t\t\t\t\t\t\t\t\t\t<h5>Onafhankelijke toegang<\/h5>\n\t\t\t\t\t\t<\/a>\n\t\t\t\t\t<\/div>\n\t\t\t\t\t<!-- icon box end -->\n\n\t\t\t\t<\/div>\n\t\t\t\t\t\t\t\t<div class=\"col-6 col-md-3\">\n\n\t\t\t\t\t<!-- icon box -->\n\t\t\t\t\t<div class=\"knsl-icon-box knsl-icon-box-sm knsl-scroll-animation\">\n\t\t\t\t\t\t\t\t\t\t\t\t<a >\n\t\t\t\t\t\t\t\t\t\t\t\t\t\t<div class=\"mil-icon\">\n\t\t\t\t\t\t\t\t<img decoding=\"async\" src=\"https:\/\/www.chateau-scandaillac.fr\/wp-content\/uploads\/2024\/11\/sign-bed.png\" alt=\"Opklapbaar tweepersoonsbed\" class=\" knsl-mb-10\" \/>\n\t\t\t\t\t\t\t<\/div>\n\t\t\t\t\t\t\t\t\t\t\t\t\t\t<h5>Opklapbaar tweepersoonsbed<\/h5>\n\t\t\t\t\t\t<\/a>\n\t\t\t\t\t<\/div>\n\t\t\t\t\t<!-- icon box end -->\n\n\t\t\t\t<\/div>\n\t\t\t\t\t\t\t\t<div class=\"col-6 col-md-3\">\n\n\t\t\t\t\t<!-- icon box -->\n\t\t\t\t\t<div class=\"knsl-icon-box knsl-icon-box-sm knsl-scroll-animation\">\n\t\t\t\t\t\t\t\t\t\t\t\t<a >\n\t\t\t\t\t\t\t\t\t\t\t\t\t\t<div class=\"mil-icon\">\n\t\t\t\t\t\t\t\t<img decoding=\"async\" src=\"https:\/\/www.chateau-scandaillac.fr\/wp-content\/uploads\/2024\/10\/sign-lift-elevator.png\" alt=\"Priv\u00e9lift\" class=\" knsl-mb-10\" \/>\n\t\t\t\t\t\t\t<\/div>\n\t\t\t\t\t\t\t\t\t\t\t\t\t\t<h5>Priv\u00e9lift<\/h5>\n\t\t\t\t\t\t<\/a>\n\t\t\t\t\t<\/div>\n\t\t\t\t\t<!-- icon box end -->\n\n\t\t\t\t<\/div>\n\t\t\t\t\t\t\t\t<div class=\"col-6 col-md-3\">\n\n\t\t\t\t\t<!-- icon box -->\n\t\t\t\t\t<div class=\"knsl-icon-box knsl-icon-box-sm knsl-scroll-animation\">\n\t\t\t\t\t\t\t\t\t\t\t\t<a >\n\t\t\t\t\t\t\t\t\t\t\t\t\t\t<div class=\"mil-icon\">\n\t\t\t\t\t\t\t\t<img decoding=\"async\" src=\"https:\/\/www.chateau-scandaillac.fr\/wp-content\/uploads\/2024\/10\/sign-television.png\" alt=\"Smart TV\" class=\" knsl-mb-10\" \/>\n\t\t\t\t\t\t\t<\/div>\n\t\t\t\t\t\t\t\t\t\t\t\t\t\t<h5>Smart TV<\/h5>\n\t\t\t\t\t\t<\/a>\n\t\t\t\t\t<\/div>\n\t\t\t\t\t<!-- icon box end -->\n\n\t\t\t\t<\/div>\n\t\t\t\t\t\t\t\t<div class=\"col-6 col-md-3\">\n\n\t\t\t\t\t<!-- icon box -->\n\t\t\t\t\t<div class=\"knsl-icon-box knsl-icon-box-sm knsl-scroll-animation\">\n\t\t\t\t\t\t\t\t\t\t\t\t<a >\n\t\t\t\t\t\t\t\t\t\t\t\t\t\t<div class=\"mil-icon\">\n\t\t\t\t\t\t\t\t<img decoding=\"async\" src=\"https:\/\/www.chateau-scandaillac.fr\/wp-content\/uploads\/2021\/12\/f-6.png\" alt=\"WiFi\" class=\" knsl-mb-10\" \/>\n\t\t\t\t\t\t\t<\/div>\n\t\t\t\t\t\t\t\t\t\t\t\t\t\t<h5>WiFi<\/h5>\n\t\t\t\t\t\t<\/a>\n\t\t\t\t\t<\/div>\n\t\t\t\t\t<!-- icon box end -->\n\n\t\t\t\t<\/div>\n\t\t\t\t\t\t\t\t\t\t\t<\/div>\n\t\t<\/section>\n\t\t<!-- features end -->\n\n\t\t\t\t\t\t<\/div>\n\t\t\t\t<\/div>\n\t\t\t\t\t<\/div>\n\t\t<\/div>\n\t\t\t\t\t<\/div>\n\t\t<\/section>\n\t\t\t\t<section class=\"elementor-section elementor-inner-section elementor-element elementor-element-b618211 elementor-section-full_width elementor-section-height-default elementor-section-height-default\" data-id=\"b618211\" data-element_type=\"section\">\n\t\t\t\t\t\t<div class=\"elementor-container elementor-column-gap-no\">\n\t\t\t\t\t<div class=\"elementor-column elementor-col-100 elementor-inner-column elementor-element elementor-element-3b33604\" data-id=\"3b33604\" data-element_type=\"column\">\n\t\t\t<div class=\"elementor-widget-wrap elementor-element-populated\">\n\t\t\t\t\t\t<div class=\"elementor-element elementor-element-9ff7991 elementor-widget elementor-widget-kinsley-availability-calendar\" data-id=\"9ff7991\" data-element_type=\"widget\" data-widget_type=\"kinsley-availability-calendar.default\">\n\t\t\t\t<div class=\"elementor-widget-container\">\n\t\t\t\t\t\n                <h3 class=\"knsl-mb-40\">\n          <span >\n              Beschikbaarheid          <\/span>\n        <\/h3>\n\t\t\t\t\n        <div class=\"mphb_sc_availability_calendar-wrapper  knsl-scroll-animation\">\t<div class=\"mphb-calendar mphb-datepick inlinePicker mphb-calendar--direct-booking\" data-room-type-id=\"6736\" data-monthstoshow=\"2\" data-is_show_prices=\"0\" data-is_truncate_prices=\"1\" data-is_show_prices_currency=\"0\" data-first_available_check_in_date=\"2026-05-02\"><\/div>\n\t<\/div>\t\t\t\t<\/div>\n\t\t\t\t<\/div>\n\t\t\t\t\t<\/div>\n\t\t<\/div>\n\t\t\t\t\t<\/div>\n\t\t<\/section>\n\t\t\t\t<section class=\"elementor-section elementor-inner-section elementor-element elementor-element-7ae6632 elementor-section-full_width elementor-section-height-default elementor-section-height-default\" data-id=\"7ae6632\" data-element_type=\"section\">\n\t\t\t\t\t\t<div class=\"elementor-container elementor-column-gap-no\">\n\t\t\t\t\t<div class=\"elementor-column elementor-col-50 elementor-inner-column elementor-element elementor-element-58d2a33\" data-id=\"58d2a33\" data-element_type=\"column\">\n\t\t\t<div class=\"elementor-widget-wrap elementor-element-populated\">\n\t\t\t\t\t\t<div class=\"elementor-element elementor-element-b623a96 elementor-widget elementor-widget-kinsley-section-heading-two\" data-id=\"b623a96\" data-element_type=\"widget\" data-widget_type=\"kinsley-section-heading-two.default\">\n\t\t\t\t<div class=\"elementor-widget-container\">\n\t\t\t\t\t\n\t\t\t\t\t\t<h3 class=\"knsl-title-two knsl-mb-30\">\n\t\t\t<span >\n\t\t\t\tRuimtes en diensten\t\t\t<\/span>\n\t\t<\/h3>\n\t\t\t\t\t\t<div class=\"knsl-description-two\">\n\t\t\t<div >\n\t\t\t\t<a href=\"https:\/\/www.chateau-scandaillac.fr\/nos-espaces\/\" class=\"knsl-btn knsl-btn-md\"><span>Ontdek onze ruimtes<\/span><\/a>\t\t\t<\/div>\n\t\t<\/div>\n\t\t\n\t\t\t\t\t\t<\/div>\n\t\t\t\t<\/div>\n\t\t\t\t\t<\/div>\n\t\t<\/div>\n\t\t\t\t<div class=\"elementor-column elementor-col-50 elementor-inner-column elementor-element elementor-element-ad33c17\" data-id=\"ad33c17\" data-element_type=\"column\">\n\t\t\t<div class=\"elementor-widget-wrap elementor-element-populated\">\n\t\t\t\t\t\t<div class=\"elementor-element elementor-element-2459a85 elementor-widget elementor-widget-kinsley-section-heading-two\" data-id=\"2459a85\" data-element_type=\"widget\" data-widget_type=\"kinsley-section-heading-two.default\">\n\t\t\t\t<div class=\"elementor-widget-container\">\n\t\t\t\t\t\n\t\t\t\t\t\t<h3 class=\"knsl-title-two knsl-mb-30\">\n\t\t\t<span >\n\t\t\t\t&nbsp;\t\t\t<\/span>\n\t\t<\/h3>\n\t\t\t\t\t\t<div class=\"knsl-description-two\">\n\t\t\t<div >\n\t\t\t\t<a href=\"https:\/\/www.chateau-scandaillac.fr\/nos-services\/\" class=\"knsl-btn knsl-btn-md\"><span>Ontdek onze diensten<\/span><\/a>\t\t\t<\/div>\n\t\t<\/div>\n\t\t\n\t\t\t\t\t\t<\/div>\n\t\t\t\t<\/div>\n\t\t\t\t\t<\/div>\n\t\t<\/div>\n\t\t\t\t\t<\/div>\n\t\t<\/section>\n\t\t\t\t\t<\/div>\n\t\t<\/div>\n\t\t\t\t<div class=\"elementor-column elementor-col-33 elementor-top-column elementor-element elementor-element-7868731\" data-id=\"7868731\" data-element_type=\"column\">\n\t\t\t<div class=\"elementor-widget-wrap elementor-element-populated\">\n\t\t\t\t\t\t<section class=\"elementor-section elementor-inner-section elementor-element elementor-element-3e11cdd elementor-section-full_width elementor-section-height-default elementor-section-height-default\" data-id=\"3e11cdd\" data-element_type=\"section\">\n\t\t\t\t\t\t<div class=\"elementor-container elementor-column-gap-no\">\n\t\t\t\t\t<div class=\"elementor-column elementor-col-100 elementor-inner-column elementor-element elementor-element-ad54538\" data-id=\"ad54538\" data-element_type=\"column\">\n\t\t\t<div class=\"elementor-widget-wrap elementor-element-populated\">\n\t\t\t\t\t\t<div class=\"elementor-element elementor-element-5665661 elementor-widget elementor-widget-kinsley-room-attributes\" data-id=\"5665661\" data-element_type=\"widget\" data-widget_type=\"kinsley-room-attributes.default\">\n\t\t\t\t<div class=\"elementor-widget-container\">\n\t\t\t\t\t\n\t\t<!-- room info -->\n\t\t<div class=\"knsl-room-features-lg knsl-mb-20 show-capacity show-size\">\n\t\t\t\t\t<\/div>\n\t\t<!-- room info end -->\n\n\t\t\t\t\t\t<\/div>\n\t\t\t\t<\/div>\n\t\t\t\t\t<\/div>\n\t\t<\/div>\n\t\t\t\t\t<\/div>\n\t\t<\/section>\n\t\t\t\t<section class=\"elementor-section elementor-inner-section elementor-element elementor-element-97b1864 elementor-section-full_width elementor-section-height-default elementor-section-height-default\" data-id=\"97b1864\" data-element_type=\"section\">\n\t\t\t\t\t\t<div class=\"elementor-container elementor-column-gap-no\">\n\t\t\t\t\t<div class=\"elementor-column elementor-col-100 elementor-inner-column elementor-element elementor-element-76dc811\" data-id=\"76dc811\" data-element_type=\"column\">\n\t\t\t<div class=\"elementor-widget-wrap elementor-element-populated\">\n\t\t\t\t\t\t<div class=\"elementor-element elementor-element-f4189d7 elementor-widget elementor-widget-kinsley-room-price\" data-id=\"f4189d7\" data-element_type=\"widget\" data-widget_type=\"kinsley-room-price.default\">\n\t\t\t\t<div class=\"elementor-widget-container\">\n\t\t\t\t\t\n\t\t<div class=\"knsl-price-card knsl-mb-20\">\n            <div class=\"knsl-price-number\">\n            \t                \t\t\t<\/div>\n\t\t<\/div>\n\n\t\t\t\t\t\t<\/div>\n\t\t\t\t<\/div>\n\t\t\t\t\t<\/div>\n\t\t<\/div>\n\t\t\t\t\t<\/div>\n\t\t<\/section>\n\t\t\t\t<section class=\"elementor-section elementor-inner-section elementor-element elementor-element-0c4d094 elementor-section-full_width elementor-section-height-default elementor-section-height-default\" data-id=\"0c4d094\" data-element_type=\"section\">\n\t\t\t\t\t\t<div class=\"elementor-container elementor-column-gap-no\">\n\t\t\t\t\t<div class=\"elementor-column elementor-col-100 elementor-inner-column elementor-element elementor-element-5cb0b2e\" data-id=\"5cb0b2e\" data-element_type=\"column\">\n\t\t\t<div class=\"elementor-widget-wrap elementor-element-populated\">\n\t\t\t\t\t\t<div class=\"elementor-element elementor-element-e5b27da elementor-widget elementor-widget-kinsley-availability-form\" data-id=\"e5b27da\" data-element_type=\"widget\" data-widget_type=\"kinsley-availability-form.default\">\n\t\t\t\t<div class=\"elementor-widget-container\">\n\t\t\t\t\t                <div class=\"knsl-sticky knsl-stycky-right\" data-margin-top=\"100\">\n                <div class=\"mphb_sc_booking_form-wrapper  knsl-book-form knsl-book-form-v\">\t<form method=\"POST\" action=\"https:\/\/www.chateau-scandaillac.fr\/nl\/boekingsbevestiging\/\" class=\"mphb-booking-form mphb-booking-form--direct-booking\" id=\"booking-form-6736\" data-first_available_check_in_date=\"2026-05-02\">\n\n\t\t<p class=\"mphb-required-fields-tip\"><small>Verplichte velden zijn gekenmerkt met <abbr title=\"required\">*<\/abbr><\/small><\/p>\n\t\t<input type=\"hidden\" id=\"mphb-checkout-nonce\" name=\"mphb-checkout-nonce\" value=\"6a38fa063c\" \/><input type=\"hidden\" name=\"_wp_http_referer\" value=\"\/nl\/wp-json\/wp\/v2\/mphb_room_type\/6736\" \/>\t\t\t\t<input type=\"hidden\" name=\"mphb_room_type_id\" value=\"6736\" \/>\n\t\t<p class=\"mphb-check-in-date-wrapper\">\n\t\t\t<label for=\"mphb_check_in_date-69f3816fbd5bb\">\n\t\t\t\tIncheckdatum\t\t\t\t<abbr title=\"Opgemaakt als  dd\/mm\/yyyy\">*<\/abbr>\n\t\t\t<\/label>\n\t\t\t<br \/>\n\t\t\t<input id=\"mphb_check_in_date-69f3816fbd5bb\" type=\"text\" class=\"mphb-datepick\" value=\"\" required=\"required\" autocomplete=\"off\" placeholder=\"Incheckdatum\" inputmode=\"none\" \/>\n\t\t\t<input id=\"mphb_check_in_date-69f3816fbd5bb-hidden\" type=\"hidden\" name=\"mphb_check_in_date\" value=\"\" \/>\n\t\t<\/p>\n\t\t<p class=\"mphb-check-out-date-wrapper\">\n\t\t\t<label for=\"mphb_check_out_date-69f3816fbd5bb\">\n\t\t\t\tUitcheckdatum\t\t\t\t<abbr title=\"Opgemaakt als  dd\/mm\/yyyy\">*<\/abbr>\n\t\t\t<\/label>\n\t\t\t<br \/>\n\t\t\t<input id=\"mphb_check_out_date-69f3816fbd5bb\" type=\"text\" class=\"mphb-datepick\" value=\"\" required=\"required\" autocomplete=\"off\" placeholder=\"Uitcheckdatum\" inputmode=\"none\" \/>\n\t\t\t<input id=\"mphb_check_out_date-69f3816fbd5bb-hidden\" type=\"hidden\" name=\"mphb_check_out_date\" value=\"\" \/>\n\t\t<\/p>\n\t\t\t\t\t\t\t<div class=\"mphb-reserve-room-section mphb-hide\">\n\t\t\t\t<p class=\"mphb-rooms-quantity-wrapper mphb-rooms-quantity-multiple mphb-hide\">\n\t\t\t\tReserveer <select class=\"mphb-rooms-quantity\" id=\"mphb-rooms-quantity-6736\" name=\"mphb_rooms_details[6736]\"><option value=\"1\" selected=\"selected\">1<\/option><\/select> van <span class=\"mphb-available-rooms-count\">1<\/span> beschikbare accommodaties.\t\t\t\t<\/p>\n\t\t\t\t<p class=\"mphb-rooms-quantity-wrapper mphb-rooms-quantity-single mphb-hide\">\n\t\t\t\t\tTweepersoonskamer | Belv\u00e9d\u00e8re Toren beschikbaar voor de geselecteerde periode.\t\t\t\t<\/p>\n\t\t\t\t\t\t\t\t\t<p class=\"mphb-period-price mphb-regular-price mphb-hide\">\n\t\t\t\t\t\t<strong>Prijzen beginnen bij:<\/strong>\n\t\t\t\t\t<\/p>\n\t\t\t\t\t\t\t\t<input type=\"hidden\" name=\"mphb_is_direct_booking\" value=\"1\" \/>\n\t\t\t\t<input class=\"button mphb-button mphb-confirm-reservation\" type=\"submit\" value=\"Reservering bevestigen\" \/>\n\t\t\t<\/div>\n\t\t\n\t\t<div class=\"mphb-errors-wrapper mphb-hide\"><\/div>\n\t\t<p class=\"mphb-reserve-btn-wrapper\">\n\t\t\t<input class=\"mphb-reserve-btn button\" type=\"submit\" value=\"Bekijk beschikbaarheid\" \/>\n\t\t<\/p>\n\t<\/form>\n\t<\/div>                <\/div>\n                \t\t\t\t<\/div>\n\t\t\t\t<\/div>\n\t\t\t\t\t<\/div>\n\t\t<\/div>\n\t\t\t\t\t<\/div>\n\t\t<\/section>\n\t\t\t\t\t<\/div>\n\t\t<\/div>\n\t\t\t\t\t<\/div>\n\t\t<\/section>\n\t\t\t\t<section class=\"elementor-section elementor-top-section elementor-element elementor-element-057e8cf elementor-section-full_width elementor-section-height-default elementor-section-height-default\" data-id=\"057e8cf\" data-element_type=\"section\" data-settings=\"{&quot;background_background&quot;:&quot;classic&quot;}\">\n\t\t\t\t\t\t<div class=\"elementor-container elementor-column-gap-no\">\n\t\t\t\t\t<div class=\"elementor-column elementor-col-100 elementor-top-column elementor-element elementor-element-8611a94\" data-id=\"8611a94\" data-element_type=\"column\">\n\t\t\t<div class=\"elementor-widget-wrap elementor-element-populated\">\n\t\t\t\t\t\t<div class=\"elementor-element elementor-element-02807ed elementor-widget elementor-widget-kinsley-rooms-carousel\" data-id=\"02807ed\" data-element_type=\"widget\" data-widget_type=\"kinsley-rooms-carousel.default\">\n\t\t\t\t<div class=\"elementor-widget-container\">\n\t\t\t\t\t\n\t\t<!-- rooms -->\n\t\t<section class=\"knsl-transition-none knsl-p-0-100\">\n\t\t\t\t\t\t\n\t\t\n\t\t<div class=\"container\">\t\t<div class=\"row align-items-center\">\n\t\t\t\t\t\t<div class=\"col-lg-12\">\n\t\t\t\t<div class=\"knsl-center knsl-title-frame knsl-mb-100 knsl-title-left\">\n\t\t\t\t\t\t\t\t\t\t<h2 class=\"knsl-title--h knsl-mb-20\">\n\t\t\t\t\t\t<span >\n\t\t\t\t\t\t\tGelijkaardige kamers\t\t\t\t\t\t<\/span>\n\t\t\t\t\t<\/h2>\n\t\t\t\t\t\t\t\t\t\t\t\t\t\t\t\t\t\t\t\t<a  href=\"https:\/\/www.chateau-scandaillac.fr\/la-tour\/\" class=\"knsl-btn knsl-btn-md\">\n\t\t\t\t\t\t<span >\n\t\t\t\t\t\t\tDe kamers\t\t\t\t\t\t<\/span>\n\t\t\t\t\t<\/a>\n\t\t\t\t\t\t\t\t\t<\/div>\n\t\t\t<\/div>\n\t\t\t\n\t\t\t<div class=\"col-lg-12 attr-details-amenity-false attr-details-category-false attr-details-attributes-false attr-details-view-false attr-details-bed-type-false attr-details-children-false\">\n\t\t\t\t\t\t\t\t<div class=\"swiper-container knsl-uni-slider  attr-details-amenity-false attr-details-category-false attr-details-attributes-false attr-details-view-false attr-details-bed-type-false attr-details-children-false\">\n\t\t\t\t<div class=\"swiper-wrapper\">\n\t\t\t\t\t\t\t\t\t\t<div class=\"swiper-slide\">\n\t\t\t\t\t<div class=\"mphb_sc_room-wrapper knsl-scroll-animation\"><div class=\"mphb-room-type post-6736 mphb_room_type type-mphb_room_type status-publish has-post-thumbnail mphb_room_type_tag-toren mphb_room_type_facility-airconditioning mphb_room_type_facility-badkamer mphb_room_type_facility-dienblad mphb_room_type_facility-handdoeken-en-badjassen mphb_room_type_facility-kluis mphb_room_type_facility-koelkast-bar mphb_room_type_facility-onafhankelijke-toegang mphb_room_type_facility-opklapbaar-tweepersoonsbed mphb_room_type_facility-privelift mphb_room_type_facility-smart-tv mphb_room_type_facility-wifi-nl mphb-room-type-adults-2 mphb-room-type-children-0 has-taxes-and-fees\">\n\n\t\n\t\n\n\t<p class=\"post-thumbnail mphb-loop-room-thumbnail\">\n\t<a href=\"https:\/\/www.chateau-scandaillac.fr\/nl\/accommodation\/tweepersoonskamer-belvedere-toren\/\">\n\t<img fetchpriority=\"high\" decoding=\"async\" width=\"985\" height=\"750\" src=\"https:\/\/www.chateau-scandaillac.fr\/wp-content\/uploads\/2024\/10\/chateau-scandaillac-room-14-01.webp\" class=\"attachment-post-thumbnail size-post-thumbnail wp-post-image\" alt=\"\" srcset=\"https:\/\/www.chateau-scandaillac.fr\/wp-content\/uploads\/2024\/10\/chateau-scandaillac-room-14-01.webp 985w, https:\/\/www.chateau-scandaillac.fr\/wp-content\/uploads\/2024\/10\/chateau-scandaillac-room-14-01-300x228.webp 300w, https:\/\/www.chateau-scandaillac.fr\/wp-content\/uploads\/2024\/10\/chateau-scandaillac-room-14-01-768x585.webp 768w, https:\/\/www.chateau-scandaillac.fr\/wp-content\/uploads\/2024\/10\/chateau-scandaillac-room-14-01-950x723.webp 950w, https:\/\/www.chateau-scandaillac.fr\/wp-content\/uploads\/2024\/10\/chateau-scandaillac-room-14-01-800x609.webp 800w\" sizes=\"(max-width: 985px) 100vw, 985px\" \/>\t<\/a>\n\n\t<\/p>\n\n\n\n<h2 class=\"mphb-room-type-title entry-title\">\n\n\n\n<a class=\"mphb-room-type-title\" href=\"https:\/\/www.chateau-scandaillac.fr\/nl\/accommodation\/tweepersoonskamer-belvedere-toren\/\">Tweepersoonskamer | Belv\u00e9d\u00e8re Toren<\/a>\n\n\n<\/h2>\n\n\n<div class=\"knsl-text-light knsl-text-sm knsl-mb-20\">\n\t\n\t<p>Deze kamer bevindt zich op de top van de toren. De loggia biedt een panoramisch uitzicht op het omliggende platteland, terwijl het onder een spectaculaire dakstructuur ligt. <\/p>\n\n\t<\/div>\n\n<h3 class=\"mphb-room-type-details-title\">Details<\/h3><ul class=\"mphb-loop-room-type-attributes\">\n\n\n\t<li class=\"mphb-room-type-adults-capacity\"><span class=\"mphb-attribute-title mphb-adults-title\">Gasten:<\/span><span class=\"mphb-attribute-value\">\n\t2\n\t<\/span><\/li>\n\t\n\n\t<li class=\"mphb-room-type-facilities\"><span class=\"mphb-attribute-title mphb-facilities-title\">Faciliteiten:<\/span><span class=\"mphb-attribute-value\"> <span class=\"facility-airconditioning\"><a href=\"https:\/\/www.chateau-scandaillac.fr\/nl\/accommodation-facility\/airconditioning\/\">Airconditioning<\/a><\/span>, <span class=\"facility-badkamer\"><a href=\"https:\/\/www.chateau-scandaillac.fr\/nl\/accommodation-facility\/badkamer\/\">Badkamer<\/a><\/span>, <span class=\"facility-dienblad\"><a href=\"https:\/\/www.chateau-scandaillac.fr\/nl\/accommodation-facility\/dienblad\/\">Dienblad<\/a><\/span>, <span class=\"facility-handdoeken-en-badjassen\"><a href=\"https:\/\/www.chateau-scandaillac.fr\/nl\/accommodation-facility\/handdoeken-en-badjassen\/\">Handdoeken en badjassen<\/a><\/span>, <span class=\"facility-kluis\"><a href=\"https:\/\/www.chateau-scandaillac.fr\/nl\/accommodation-facility\/kluis\/\">Kluis<\/a><\/span>, <span class=\"facility-koelkast-bar\"><a href=\"https:\/\/www.chateau-scandaillac.fr\/nl\/accommodation-facility\/koelkast-bar\/\">Koelkast-bar<\/a><\/span>, <span class=\"facility-onafhankelijke-toegang\"><a href=\"https:\/\/www.chateau-scandaillac.fr\/nl\/accommodation-facility\/onafhankelijke-toegang\/\">Onafhankelijke toegang<\/a><\/span>, <span class=\"facility-opklapbaar-tweepersoonsbed\"><a href=\"https:\/\/www.chateau-scandaillac.fr\/nl\/accommodation-facility\/opklapbaar-tweepersoonsbed\/\">Opklapbaar tweepersoonsbed<\/a><\/span>, <span class=\"facility-privelift\"><a href=\"https:\/\/www.chateau-scandaillac.fr\/nl\/accommodation-facility\/privelift\/\">Priv\u00e9lift<\/a><\/span>, <span class=\"facility-smart-tv\"><a href=\"https:\/\/www.chateau-scandaillac.fr\/nl\/accommodation-facility\/smart-tv\/\">Smart TV<\/a><\/span>, <span class=\"facility-wifi-nl\"><a href=\"https:\/\/www.chateau-scandaillac.fr\/nl\/accommodation-facility\/wifi-nl\/\">WiFi<\/a><\/span><\/span><\/li>\n\t\n\n\n\n\n\t<li class=\"mphb-room-type-size\"><span class=\"mphb-attribute-title mphb-size-title\">Grootte:<\/span><span class=\"mphb-attribute-value\">\n\t23m2\n\t<\/span><\/li>\n\t\n\n\t<li class=\"mphb-room-type-bed-type\"><span  class=\"mphb-attribute-title mphb-bed-type-title\">Type Bed:<\/span><span class=\"mphb-attribute-value\">\n\t1 tweepersoonsbed\n\t<\/span><\/li>\n\t\n\n<\/ul>\n\n\t<p class=\"mphb-regular-price\"><strong>Prijzen beginnen bij:<\/strong>\n\t<span class=\"mphb-price\">160<span class=\"mphb-currency\">&euro;<\/span><\/span> <span class=\"mphb-price-period\" title=\"Kies uw data om de relevante prijzen te zien\">per nacht<\/span><span class=\"mphb-tax-information taxes-included\"> (+belastingen en toeslagen)<\/span>\n\t<\/p>\n\t\n<div class=\"mphb-to-book-btn-wrapper\">\n<form action=\"https:\/\/www.chateau-scandaillac.fr\/nl\/accommodation\/tweepersoonskamer-belvedere-toren\/#booking-form-6736\" method=\"get\" ><button type=\"submit\" class=\"button mphb-book-button\" >Reserveren<\/button><\/form>\n<br\/><\/div>\n\t\n<\/div>\n<\/div>\t\t\t\t\t<\/div>\n\t\t\t\t\t\t\t\t\t\t<div class=\"swiper-slide\">\n\t\t\t\t\t<div class=\"mphb_sc_room-wrapper knsl-scroll-animation\"><div class=\"mphb-room-type post-7064 mphb_room_type type-mphb_room_type status-publish has-post-thumbnail mphb_room_type_tag-toren mphb_room_type_facility-airconditioning mphb_room_type_facility-dienblad mphb_room_type_facility-doucheruimte mphb_room_type_facility-handdoeken-en-badjassen mphb_room_type_facility-kluis mphb_room_type_facility-koelkast-bar mphb_room_type_facility-lift-nl mphb_room_type_facility-onafhankelijke-toegang mphb_room_type_facility-smart-tv mphb_room_type_facility-tweepersoonsbed-nl mphb_room_type_facility-wifi-nl mphb-room-type-adults-2 mphb-room-type-children-0 has-taxes-and-fees\">\n\n\t\n\t\n\n\t<p class=\"post-thumbnail mphb-loop-room-thumbnail\">\n\t<a href=\"https:\/\/www.chateau-scandaillac.fr\/nl\/accommodation\/superior-tweepersoonskamer-2e-verdieping-toren\/\">\n\t<img decoding=\"async\" width=\"1200\" height=\"676\" src=\"https:\/\/www.chateau-scandaillac.fr\/wp-content\/uploads\/2024\/10\/chateau-scandaillac-room-13-01.webp\" class=\"attachment-post-thumbnail size-post-thumbnail wp-post-image\" alt=\"\" srcset=\"https:\/\/www.chateau-scandaillac.fr\/wp-content\/uploads\/2024\/10\/chateau-scandaillac-room-13-01.webp 1200w, https:\/\/www.chateau-scandaillac.fr\/wp-content\/uploads\/2024\/10\/chateau-scandaillac-room-13-01-800x451.webp 800w, https:\/\/www.chateau-scandaillac.fr\/wp-content\/uploads\/2024\/10\/chateau-scandaillac-room-13-01-300x169.webp 300w, https:\/\/www.chateau-scandaillac.fr\/wp-content\/uploads\/2024\/10\/chateau-scandaillac-room-13-01-1024x577.webp 1024w, https:\/\/www.chateau-scandaillac.fr\/wp-content\/uploads\/2024\/10\/chateau-scandaillac-room-13-01-768x433.webp 768w, https:\/\/www.chateau-scandaillac.fr\/wp-content\/uploads\/2024\/10\/chateau-scandaillac-room-13-01-950x535.webp 950w\" sizes=\"(max-width: 1200px) 100vw, 1200px\" \/>\t<\/a>\n\n\t<\/p>\n\n\n\n<h2 class=\"mphb-room-type-title entry-title\">\n\n\n\n<a class=\"mphb-room-type-title\" href=\"https:\/\/www.chateau-scandaillac.fr\/nl\/accommodation\/superior-tweepersoonskamer-2e-verdieping-toren\/\">Superior Tweepersoonskamer | 2e verdieping Toren<\/a>\n\n\n<\/h2>\n\n\n<div class=\"knsl-text-light knsl-text-sm knsl-mb-20\">\n\t\n\t<p>Deze kamer bevindt zich in een toren met directe toegang naar buiten en wordt bediend door een lift. De kamer ligt op het oosten en biedt een indrukwekkend uitzicht over het omliggende platteland. <\/p>\n\n\t<\/div>\n\n<h3 class=\"mphb-room-type-details-title\">Details<\/h3><ul class=\"mphb-loop-room-type-attributes\">\n\n\n\t<li class=\"mphb-room-type-adults-capacity\"><span class=\"mphb-attribute-title mphb-adults-title\">Gasten:<\/span><span class=\"mphb-attribute-value\">\n\t2\n\t<\/span><\/li>\n\t\n\n\t<li class=\"mphb-room-type-facilities\"><span class=\"mphb-attribute-title mphb-facilities-title\">Faciliteiten:<\/span><span class=\"mphb-attribute-value\"> <span class=\"facility-airconditioning\"><a href=\"https:\/\/www.chateau-scandaillac.fr\/nl\/accommodation-facility\/airconditioning\/\">Airconditioning<\/a><\/span>, <span class=\"facility-dienblad\"><a href=\"https:\/\/www.chateau-scandaillac.fr\/nl\/accommodation-facility\/dienblad\/\">Dienblad<\/a><\/span>, <span class=\"facility-doucheruimte\"><a href=\"https:\/\/www.chateau-scandaillac.fr\/nl\/accommodation-facility\/doucheruimte\/\">Doucheruimte<\/a><\/span>, <span class=\"facility-handdoeken-en-badjassen\"><a href=\"https:\/\/www.chateau-scandaillac.fr\/nl\/accommodation-facility\/handdoeken-en-badjassen\/\">Handdoeken en badjassen<\/a><\/span>, <span class=\"facility-kluis\"><a href=\"https:\/\/www.chateau-scandaillac.fr\/nl\/accommodation-facility\/kluis\/\">Kluis<\/a><\/span>, <span class=\"facility-koelkast-bar\"><a href=\"https:\/\/www.chateau-scandaillac.fr\/nl\/accommodation-facility\/koelkast-bar\/\">Koelkast-bar<\/a><\/span>, <span class=\"facility-lift-nl\"><a href=\"https:\/\/www.chateau-scandaillac.fr\/nl\/accommodation-facility\/lift-nl\/\">Lift<\/a><\/span>, <span class=\"facility-onafhankelijke-toegang\"><a href=\"https:\/\/www.chateau-scandaillac.fr\/nl\/accommodation-facility\/onafhankelijke-toegang\/\">Onafhankelijke toegang<\/a><\/span>, <span class=\"facility-smart-tv\"><a href=\"https:\/\/www.chateau-scandaillac.fr\/nl\/accommodation-facility\/smart-tv\/\">Smart TV<\/a><\/span>, <span class=\"facility-tweepersoonsbed-nl\"><a href=\"https:\/\/www.chateau-scandaillac.fr\/nl\/accommodation-facility\/tweepersoonsbed-nl\/\">Tweepersoonsbed<\/a><\/span>, <span class=\"facility-wifi-nl\"><a href=\"https:\/\/www.chateau-scandaillac.fr\/nl\/accommodation-facility\/wifi-nl\/\">WiFi<\/a><\/span><\/span><\/li>\n\t\n\n\n\n\n\t<li class=\"mphb-room-type-size\"><span class=\"mphb-attribute-title mphb-size-title\">Grootte:<\/span><span class=\"mphb-attribute-value\">\n\t20m2\n\t<\/span><\/li>\n\t\n\n\t<li class=\"mphb-room-type-bed-type\"><span  class=\"mphb-attribute-title mphb-bed-type-title\">Type Bed:<\/span><span class=\"mphb-attribute-value\">\n\t1 tweepersoonsbed\n\t<\/span><\/li>\n\t\n\n<\/ul>\n\n\t<p class=\"mphb-regular-price\"><strong>Prijzen beginnen bij:<\/strong>\n\t<span class=\"mphb-price\">150<span class=\"mphb-currency\">&euro;<\/span><\/span> <span class=\"mphb-price-period\" title=\"Kies uw data om de relevante prijzen te zien\">per nacht<\/span><span class=\"mphb-tax-information taxes-included\"> (+belastingen en toeslagen)<\/span>\n\t<\/p>\n\t\n<div class=\"mphb-to-book-btn-wrapper\">\n<form action=\"https:\/\/www.chateau-scandaillac.fr\/nl\/accommodation\/superior-tweepersoonskamer-2e-verdieping-toren\/#booking-form-7064\" method=\"get\" ><button type=\"submit\" class=\"button mphb-book-button\" >Reserveren<\/button><\/form>\n<br\/><\/div>\n\t\n<\/div>\n<\/div>\t\t\t\t\t<\/div>\n\t\t\t\t\t\t\t\t\t\t<div class=\"swiper-slide\">\n\t\t\t\t\t<div class=\"mphb_sc_room-wrapper knsl-scroll-animation\"><div class=\"mphb-room-type post-7072 mphb_room_type type-mphb_room_type status-publish has-post-thumbnail mphb_room_type_tag-toren mphb_room_type_facility-airconditioning mphb_room_type_facility-dienblad mphb_room_type_facility-doucheruimte mphb_room_type_facility-handdoeken-en-badjassen mphb_room_type_facility-kluis mphb_room_type_facility-koelkast-bar mphb_room_type_facility-lift-nl mphb_room_type_facility-onafhankelijke-toegang mphb_room_type_facility-smart-tv mphb_room_type_facility-tweepersoonsbed-nl mphb_room_type_facility-wifi-nl mphb-room-type-adults-2 mphb-room-type-children-0 has-taxes-and-fees\">\n\n\t\n\t\n\n\t<p class=\"post-thumbnail mphb-loop-room-thumbnail\">\n\t<a href=\"https:\/\/www.chateau-scandaillac.fr\/nl\/accommodation\/superior-tweepersoonskamer-1ste-verdieping-toren\/\">\n\t<img decoding=\"async\" width=\"1200\" height=\"676\" src=\"https:\/\/www.chateau-scandaillac.fr\/wp-content\/uploads\/2024\/10\/chateau-scandaillac-room-12-01.webp\" class=\"attachment-post-thumbnail size-post-thumbnail wp-post-image\" alt=\"\" srcset=\"https:\/\/www.chateau-scandaillac.fr\/wp-content\/uploads\/2024\/10\/chateau-scandaillac-room-12-01.webp 1200w, https:\/\/www.chateau-scandaillac.fr\/wp-content\/uploads\/2024\/10\/chateau-scandaillac-room-12-01-800x451.webp 800w, https:\/\/www.chateau-scandaillac.fr\/wp-content\/uploads\/2024\/10\/chateau-scandaillac-room-12-01-300x169.webp 300w, https:\/\/www.chateau-scandaillac.fr\/wp-content\/uploads\/2024\/10\/chateau-scandaillac-room-12-01-1024x577.webp 1024w, https:\/\/www.chateau-scandaillac.fr\/wp-content\/uploads\/2024\/10\/chateau-scandaillac-room-12-01-768x433.webp 768w, https:\/\/www.chateau-scandaillac.fr\/wp-content\/uploads\/2024\/10\/chateau-scandaillac-room-12-01-950x535.webp 950w\" sizes=\"(max-width: 1200px) 100vw, 1200px\" \/>\t<\/a>\n\n\t<\/p>\n\n\n\n<h2 class=\"mphb-room-type-title entry-title\">\n\n\n\n<a class=\"mphb-room-type-title\" href=\"https:\/\/www.chateau-scandaillac.fr\/nl\/accommodation\/superior-tweepersoonskamer-1ste-verdieping-toren\/\">Superior Tweepersoonskamer | 1ste verdieping Toren<\/a>\n\n\n<\/h2>\n\n\n<div class=\"knsl-text-light knsl-text-sm knsl-mb-20\">\n\t\n\t<p>Deze kamer bevindt zich in een toren met directe toegang naar buiten en wordt bediend door een lift. De kamer ligt op het oosten en biedt een indrukwekkend uitzicht over het omliggende platteland. <\/p>\n\n\t<\/div>\n\n<h3 class=\"mphb-room-type-details-title\">Details<\/h3><ul class=\"mphb-loop-room-type-attributes\">\n\n\n\t<li class=\"mphb-room-type-adults-capacity\"><span class=\"mphb-attribute-title mphb-adults-title\">Gasten:<\/span><span class=\"mphb-attribute-value\">\n\t2\n\t<\/span><\/li>\n\t\n\n\t<li class=\"mphb-room-type-facilities\"><span class=\"mphb-attribute-title mphb-facilities-title\">Faciliteiten:<\/span><span class=\"mphb-attribute-value\"> <span class=\"facility-airconditioning\"><a href=\"https:\/\/www.chateau-scandaillac.fr\/nl\/accommodation-facility\/airconditioning\/\">Airconditioning<\/a><\/span>, <span class=\"facility-dienblad\"><a href=\"https:\/\/www.chateau-scandaillac.fr\/nl\/accommodation-facility\/dienblad\/\">Dienblad<\/a><\/span>, <span class=\"facility-doucheruimte\"><a href=\"https:\/\/www.chateau-scandaillac.fr\/nl\/accommodation-facility\/doucheruimte\/\">Doucheruimte<\/a><\/span>, <span class=\"facility-handdoeken-en-badjassen\"><a href=\"https:\/\/www.chateau-scandaillac.fr\/nl\/accommodation-facility\/handdoeken-en-badjassen\/\">Handdoeken en badjassen<\/a><\/span>, <span class=\"facility-kluis\"><a href=\"https:\/\/www.chateau-scandaillac.fr\/nl\/accommodation-facility\/kluis\/\">Kluis<\/a><\/span>, <span class=\"facility-koelkast-bar\"><a href=\"https:\/\/www.chateau-scandaillac.fr\/nl\/accommodation-facility\/koelkast-bar\/\">Koelkast-bar<\/a><\/span>, <span class=\"facility-lift-nl\"><a href=\"https:\/\/www.chateau-scandaillac.fr\/nl\/accommodation-facility\/lift-nl\/\">Lift<\/a><\/span>, <span class=\"facility-onafhankelijke-toegang\"><a href=\"https:\/\/www.chateau-scandaillac.fr\/nl\/accommodation-facility\/onafhankelijke-toegang\/\">Onafhankelijke toegang<\/a><\/span>, <span class=\"facility-smart-tv\"><a href=\"https:\/\/www.chateau-scandaillac.fr\/nl\/accommodation-facility\/smart-tv\/\">Smart TV<\/a><\/span>, <span class=\"facility-tweepersoonsbed-nl\"><a href=\"https:\/\/www.chateau-scandaillac.fr\/nl\/accommodation-facility\/tweepersoonsbed-nl\/\">Tweepersoonsbed<\/a><\/span>, <span class=\"facility-wifi-nl\"><a href=\"https:\/\/www.chateau-scandaillac.fr\/nl\/accommodation-facility\/wifi-nl\/\">WiFi<\/a><\/span><\/span><\/li>\n\t\n\n\n\n\n\t<li class=\"mphb-room-type-size\"><span class=\"mphb-attribute-title mphb-size-title\">Grootte:<\/span><span class=\"mphb-attribute-value\">\n\t20m2\n\t<\/span><\/li>\n\t\n\n\t<li class=\"mphb-room-type-bed-type\"><span  class=\"mphb-attribute-title mphb-bed-type-title\">Type Bed:<\/span><span class=\"mphb-attribute-value\">\n\t1 tweepersoonsbed\n\t<\/span><\/li>\n\t\n\n<\/ul>\n\n\t<p class=\"mphb-regular-price\"><strong>Prijzen beginnen bij:<\/strong>\n\t<span class=\"mphb-price\">150<span class=\"mphb-currency\">&euro;<\/span><\/span> <span class=\"mphb-price-period\" title=\"Kies uw data om de relevante prijzen te zien\">per nacht<\/span><span class=\"mphb-tax-information taxes-included\"> (+belastingen en toeslagen)<\/span>\n\t<\/p>\n\t\n<div class=\"mphb-to-book-btn-wrapper\">\n<form action=\"https:\/\/www.chateau-scandaillac.fr\/nl\/accommodation\/superior-tweepersoonskamer-1ste-verdieping-toren\/#booking-form-7072\" method=\"get\" ><button type=\"submit\" class=\"button mphb-book-button\" >Reserveren<\/button><\/form>\n<br\/><\/div>\n\t\n<\/div>\n<\/div>\t\t\t\t\t<\/div>\n\t\t\t\t\t\t\t\t\t<\/div>\n\n\t\t\t\t<!-- slider navigation -->\n\t\t\t\t<div class=\"knsl-uni-slider-nav-panel\">\n\t\t\t\t\t<div class=\"knsl-uni-slider-pagination\"><\/div>\n\t\t\t\t\t<div class=\"knsl-uni-nav\">\n\t\t\t\t\t<div class=\"knsl-uni-slider-prev\"><i class=\"fas fa-arrow-left\"><\/i><\/div>\n\t\t\t\t\t<div class=\"knsl-uni-slider-next\"><i class=\"fas fa-arrow-right\"><\/i><\/div>\n\t\t\t\t\t<\/div>\n\t\t\t\t<\/div>\n\n\t\t\t\t<\/div>\n\t\t\t\t\t\t\t<\/div>\n\t\t<\/div>\n\t\t<\/div>\t\t<\/section>\n\t\t<!-- rooms end -->\n\n\t\t\t\t\t\t<\/div>\n\t\t\t\t<\/div>\n\t\t\t\t\t<\/div>\n\t\t<\/div>\n\t\t\t\t\t<\/div>\n\t\t<\/section>\n\t\t\t\t<\/div>\n\t\t","protected":false},"excerpt":{"rendered":"<p>Deze kamer bevindt zich op de top van de toren. De loggia biedt een panoramisch uitzicht op het omliggende platteland, terwijl het onder een spectaculaire dakstructuur ligt. <\/p>\n","protected":false},"featured_media":6738,"menu_order":0,"comment_status":"closed","ping_status":"closed","template":"template-layout-builder.php","mphb_room_type_category":[],"mphb_room_type_tag":[172],"mphb_room_type_facility":[180,188,185,190,186,181,177,184,179,191,192],"class_list":["post-6736","mphb_room_type","type-mphb_room_type","status-publish","has-post-thumbnail","hentry","mphb_room_type_tag-toren","mphb_room_type_facility-airconditioning","mphb_room_type_facility-badkamer","mphb_room_type_facility-dienblad","mphb_room_type_facility-handdoeken-en-badjassen","mphb_room_type_facility-kluis","mphb_room_type_facility-koelkast-bar","mphb_room_type_facility-onafhankelijke-toegang","mphb_room_type_facility-opklapbaar-tweepersoonsbed","mphb_room_type_facility-privelift","mphb_room_type_facility-smart-tv","mphb_room_type_facility-wifi-nl","mphb-room-type-adults-2","mphb-room-type-children-0","has-taxes-and-fees"],"acf":[],"yoast_head":"<!-- This site is optimized with the Yoast SEO plugin v26.7 - https:\/\/yoast.com\/wordpress\/plugins\/seo\/ -->\n<title>Tweepersoonskamer | Belv\u00e9d\u00e8re Toren - Ch\u00e2teau de Scandaillac<\/title>\n<meta name=\"description\" content=\"Deze kamer bevindt zich op de top van de toren. Ze biedt een panoramisch uitzicht op het omliggende platteland.\" \/>\n<meta name=\"robots\" content=\"index, follow, max-snippet:-1, max-image-preview:large, max-video-preview:-1\" \/>\n<link rel=\"canonical\" href=\"https:\/\/www.chateau-scandaillac.fr\/nl\/accommodation\/tweepersoonskamer-belvedere-toren\/\" \/>\n<meta property=\"og:locale\" content=\"nl_NL\" \/>\n<meta property=\"og:type\" content=\"article\" \/>\n<meta property=\"og:title\" content=\"Tweepersoonskamer | Belv\u00e9d\u00e8re Toren - Ch\u00e2teau de Scandaillac\" \/>\n<meta property=\"og:description\" content=\"Deze kamer bevindt zich op de top van de toren. Ze biedt een panoramisch uitzicht op het omliggende platteland.\" \/>\n<meta property=\"og:url\" content=\"https:\/\/www.chateau-scandaillac.fr\/nl\/accommodation\/tweepersoonskamer-belvedere-toren\/\" \/>\n<meta property=\"og:site_name\" content=\"Ch\u00e2teau de Scandaillac\" \/>\n<meta property=\"article:modified_time\" content=\"2025-04-24T12:46:43+00:00\" \/>\n<meta property=\"og:image\" content=\"https:\/\/www.chateau-scandaillac.fr\/wp-content\/uploads\/2024\/10\/chateau-scandaillac-room-14-01.webp\" \/>\n\t<meta property=\"og:image:width\" content=\"985\" \/>\n\t<meta property=\"og:image:height\" content=\"750\" \/>\n\t<meta property=\"og:image:type\" content=\"image\/webp\" \/>\n<meta name=\"twitter:card\" content=\"summary_large_image\" \/>\n<meta name=\"twitter:label1\" content=\"Geschatte leestijd\" \/>\n\t<meta name=\"twitter:data1\" content=\"2 minuten\" \/>\n<script type=\"application\/ld+json\" class=\"yoast-schema-graph\">{\"@context\":\"https:\/\/schema.org\",\"@graph\":[{\"@type\":\"WebPage\",\"@id\":\"https:\/\/www.chateau-scandaillac.fr\/nl\/accommodation\/tweepersoonskamer-belvedere-toren\/\",\"url\":\"https:\/\/www.chateau-scandaillac.fr\/nl\/accommodation\/tweepersoonskamer-belvedere-toren\/\",\"name\":\"Tweepersoonskamer | Belv\u00e9d\u00e8re Toren - Ch\u00e2teau de Scandaillac\",\"isPartOf\":{\"@id\":\"https:\/\/www.chateau-scandaillac.fr\/nl\/#website\"},\"primaryImageOfPage\":{\"@id\":\"https:\/\/www.chateau-scandaillac.fr\/nl\/accommodation\/tweepersoonskamer-belvedere-toren\/#primaryimage\"},\"image\":{\"@id\":\"https:\/\/www.chateau-scandaillac.fr\/nl\/accommodation\/tweepersoonskamer-belvedere-toren\/#primaryimage\"},\"thumbnailUrl\":\"https:\/\/www.chateau-scandaillac.fr\/wp-content\/uploads\/2024\/10\/chateau-scandaillac-room-14-01.webp\",\"datePublished\":\"2024-10-24T15:02:59+00:00\",\"dateModified\":\"2025-04-24T12:46:43+00:00\",\"description\":\"Deze kamer bevindt zich op de top van de toren. Ze biedt een panoramisch uitzicht op het omliggende platteland.\",\"breadcrumb\":{\"@id\":\"https:\/\/www.chateau-scandaillac.fr\/nl\/accommodation\/tweepersoonskamer-belvedere-toren\/#breadcrumb\"},\"inLanguage\":\"nl-NL\",\"potentialAction\":[{\"@type\":\"ReadAction\",\"target\":[\"https:\/\/www.chateau-scandaillac.fr\/nl\/accommodation\/tweepersoonskamer-belvedere-toren\/\"]}]},{\"@type\":\"ImageObject\",\"inLanguage\":\"nl-NL\",\"@id\":\"https:\/\/www.chateau-scandaillac.fr\/nl\/accommodation\/tweepersoonskamer-belvedere-toren\/#primaryimage\",\"url\":\"https:\/\/www.chateau-scandaillac.fr\/wp-content\/uploads\/2024\/10\/chateau-scandaillac-room-14-01.webp\",\"contentUrl\":\"https:\/\/www.chateau-scandaillac.fr\/wp-content\/uploads\/2024\/10\/chateau-scandaillac-room-14-01.webp\",\"width\":985,\"height\":750},{\"@type\":\"BreadcrumbList\",\"@id\":\"https:\/\/www.chateau-scandaillac.fr\/nl\/accommodation\/tweepersoonskamer-belvedere-toren\/#breadcrumb\",\"itemListElement\":[{\"@type\":\"ListItem\",\"position\":1,\"name\":\"Home\",\"item\":\"https:\/\/www.chateau-scandaillac.fr\/nl\/home\/\"},{\"@type\":\"ListItem\",\"position\":2,\"name\":\"Typen accommodaties\",\"item\":\"https:\/\/www.chateau-scandaillac.fr\/nl\/accommodation\/\"},{\"@type\":\"ListItem\",\"position\":3,\"name\":\"Tweepersoonskamer | Belv\u00e9d\u00e8re Toren\"}]},{\"@type\":\"WebSite\",\"@id\":\"https:\/\/www.chateau-scandaillac.fr\/nl\/#website\",\"url\":\"https:\/\/www.chateau-scandaillac.fr\/nl\/\",\"name\":\"Ch\u00e2teau de Scandaillac\",\"description\":\"\",\"publisher\":{\"@id\":\"https:\/\/www.chateau-scandaillac.fr\/nl\/#organization\"},\"potentialAction\":[{\"@type\":\"SearchAction\",\"target\":{\"@type\":\"EntryPoint\",\"urlTemplate\":\"https:\/\/www.chateau-scandaillac.fr\/nl\/?s={search_term_string}\"},\"query-input\":{\"@type\":\"PropertyValueSpecification\",\"valueRequired\":true,\"valueName\":\"search_term_string\"}}],\"inLanguage\":\"nl-NL\"},{\"@type\":\"Organization\",\"@id\":\"https:\/\/www.chateau-scandaillac.fr\/nl\/#organization\",\"name\":\"Ch\u00e2teau de Scandaillac\",\"url\":\"https:\/\/www.chateau-scandaillac.fr\/nl\/\",\"logo\":{\"@type\":\"ImageObject\",\"inLanguage\":\"nl-NL\",\"@id\":\"https:\/\/www.chateau-scandaillac.fr\/nl\/#\/schema\/logo\/image\/\",\"url\":\"https:\/\/www.chateau-scandaillac.fr\/wp-content\/uploads\/2021\/11\/chateau-scandaillac-logo-black.png\",\"contentUrl\":\"https:\/\/www.chateau-scandaillac.fr\/wp-content\/uploads\/2021\/11\/chateau-scandaillac-logo-black.png\",\"width\":706,\"height\":227,\"caption\":\"Ch\u00e2teau de Scandaillac\"},\"image\":{\"@id\":\"https:\/\/www.chateau-scandaillac.fr\/nl\/#\/schema\/logo\/image\/\"}}]}<\/script>\n<!-- \/ Yoast SEO plugin. -->","yoast_head_json":{"title":"Tweepersoonskamer | Belv\u00e9d\u00e8re Toren - Ch\u00e2teau de Scandaillac","description":"Deze kamer bevindt zich op de top van de toren. Ze biedt een panoramisch uitzicht op het omliggende platteland.","robots":{"index":"index","follow":"follow","max-snippet":"max-snippet:-1","max-image-preview":"max-image-preview:large","max-video-preview":"max-video-preview:-1"},"canonical":"https:\/\/www.chateau-scandaillac.fr\/nl\/accommodation\/tweepersoonskamer-belvedere-toren\/","og_locale":"nl_NL","og_type":"article","og_title":"Tweepersoonskamer | Belv\u00e9d\u00e8re Toren - Ch\u00e2teau de Scandaillac","og_description":"Deze kamer bevindt zich op de top van de toren. Ze biedt een panoramisch uitzicht op het omliggende platteland.","og_url":"https:\/\/www.chateau-scandaillac.fr\/nl\/accommodation\/tweepersoonskamer-belvedere-toren\/","og_site_name":"Ch\u00e2teau de Scandaillac","article_modified_time":"2025-04-24T12:46:43+00:00","og_image":[{"width":985,"height":750,"url":"https:\/\/www.chateau-scandaillac.fr\/wp-content\/uploads\/2024\/10\/chateau-scandaillac-room-14-01.webp","type":"image\/webp"}],"twitter_card":"summary_large_image","twitter_misc":{"Geschatte leestijd":"2 minuten"},"schema":{"@context":"https:\/\/schema.org","@graph":[{"@type":"WebPage","@id":"https:\/\/www.chateau-scandaillac.fr\/nl\/accommodation\/tweepersoonskamer-belvedere-toren\/","url":"https:\/\/www.chateau-scandaillac.fr\/nl\/accommodation\/tweepersoonskamer-belvedere-toren\/","name":"Tweepersoonskamer | Belv\u00e9d\u00e8re Toren - Ch\u00e2teau de Scandaillac","isPartOf":{"@id":"https:\/\/www.chateau-scandaillac.fr\/nl\/#website"},"primaryImageOfPage":{"@id":"https:\/\/www.chateau-scandaillac.fr\/nl\/accommodation\/tweepersoonskamer-belvedere-toren\/#primaryimage"},"image":{"@id":"https:\/\/www.chateau-scandaillac.fr\/nl\/accommodation\/tweepersoonskamer-belvedere-toren\/#primaryimage"},"thumbnailUrl":"https:\/\/www.chateau-scandaillac.fr\/wp-content\/uploads\/2024\/10\/chateau-scandaillac-room-14-01.webp","datePublished":"2024-10-24T15:02:59+00:00","dateModified":"2025-04-24T12:46:43+00:00","description":"Deze kamer bevindt zich op de top van de toren. Ze biedt een panoramisch uitzicht op het omliggende platteland.","breadcrumb":{"@id":"https:\/\/www.chateau-scandaillac.fr\/nl\/accommodation\/tweepersoonskamer-belvedere-toren\/#breadcrumb"},"inLanguage":"nl-NL","potentialAction":[{"@type":"ReadAction","target":["https:\/\/www.chateau-scandaillac.fr\/nl\/accommodation\/tweepersoonskamer-belvedere-toren\/"]}]},{"@type":"ImageObject","inLanguage":"nl-NL","@id":"https:\/\/www.chateau-scandaillac.fr\/nl\/accommodation\/tweepersoonskamer-belvedere-toren\/#primaryimage","url":"https:\/\/www.chateau-scandaillac.fr\/wp-content\/uploads\/2024\/10\/chateau-scandaillac-room-14-01.webp","contentUrl":"https:\/\/www.chateau-scandaillac.fr\/wp-content\/uploads\/2024\/10\/chateau-scandaillac-room-14-01.webp","width":985,"height":750},{"@type":"BreadcrumbList","@id":"https:\/\/www.chateau-scandaillac.fr\/nl\/accommodation\/tweepersoonskamer-belvedere-toren\/#breadcrumb","itemListElement":[{"@type":"ListItem","position":1,"name":"Home","item":"https:\/\/www.chateau-scandaillac.fr\/nl\/home\/"},{"@type":"ListItem","position":2,"name":"Typen accommodaties","item":"https:\/\/www.chateau-scandaillac.fr\/nl\/accommodation\/"},{"@type":"ListItem","position":3,"name":"Tweepersoonskamer | Belv\u00e9d\u00e8re Toren"}]},{"@type":"WebSite","@id":"https:\/\/www.chateau-scandaillac.fr\/nl\/#website","url":"https:\/\/www.chateau-scandaillac.fr\/nl\/","name":"Ch\u00e2teau de Scandaillac","description":"","publisher":{"@id":"https:\/\/www.chateau-scandaillac.fr\/nl\/#organization"},"potentialAction":[{"@type":"SearchAction","target":{"@type":"EntryPoint","urlTemplate":"https:\/\/www.chateau-scandaillac.fr\/nl\/?s={search_term_string}"},"query-input":{"@type":"PropertyValueSpecification","valueRequired":true,"valueName":"search_term_string"}}],"inLanguage":"nl-NL"},{"@type":"Organization","@id":"https:\/\/www.chateau-scandaillac.fr\/nl\/#organization","name":"Ch\u00e2teau de Scandaillac","url":"https:\/\/www.chateau-scandaillac.fr\/nl\/","logo":{"@type":"ImageObject","inLanguage":"nl-NL","@id":"https:\/\/www.chateau-scandaillac.fr\/nl\/#\/schema\/logo\/image\/","url":"https:\/\/www.chateau-scandaillac.fr\/wp-content\/uploads\/2021\/11\/chateau-scandaillac-logo-black.png","contentUrl":"https:\/\/www.chateau-scandaillac.fr\/wp-content\/uploads\/2021\/11\/chateau-scandaillac-logo-black.png","width":706,"height":227,"caption":"Ch\u00e2teau de Scandaillac"},"image":{"@id":"https:\/\/www.chateau-scandaillac.fr\/nl\/#\/schema\/logo\/image\/"}}]}},"_links":{"self":[{"href":"https:\/\/www.chateau-scandaillac.fr\/nl\/wp-json\/wp\/v2\/mphb_room_type\/6736","targetHints":{"allow":["GET"]}}],"collection":[{"href":"https:\/\/www.chateau-scandaillac.fr\/nl\/wp-json\/wp\/v2\/mphb_room_type"}],"about":[{"href":"https:\/\/www.chateau-scandaillac.fr\/nl\/wp-json\/wp\/v2\/types\/mphb_room_type"}],"replies":[{"embeddable":true,"href":"https:\/\/www.chateau-scandaillac.fr\/nl\/wp-json\/wp\/v2\/comments?post=6736"}],"version-history":[{"count":7,"href":"https:\/\/www.chateau-scandaillac.fr\/nl\/wp-json\/wp\/v2\/mphb_room_type\/6736\/revisions"}],"predecessor-version":[{"id":7063,"href":"https:\/\/www.chateau-scandaillac.fr\/nl\/wp-json\/wp\/v2\/mphb_room_type\/6736\/revisions\/7063"}],"wp:featuredmedia":[{"embeddable":true,"href":"https:\/\/www.chateau-scandaillac.fr\/nl\/wp-json\/wp\/v2\/media\/6738"}],"wp:attachment":[{"href":"https:\/\/www.chateau-scandaillac.fr\/nl\/wp-json\/wp\/v2\/media?parent=6736"}],"wp:term":[{"taxonomy":"mphb_room_type_category","embeddable":true,"href":"https:\/\/www.chateau-scandaillac.fr\/nl\/wp-json\/wp\/v2\/mphb_room_type_category?post=6736"},{"taxonomy":"mphb_room_type_tag","embeddable":true,"href":"https:\/\/www.chateau-scandaillac.fr\/nl\/wp-json\/wp\/v2\/mphb_room_type_tag?post=6736"},{"taxonomy":"mphb_room_type_facility","embeddable":true,"href":"https:\/\/www.chateau-scandaillac.fr\/nl\/wp-json\/wp\/v2\/mphb_room_type_facility?post=6736"}],"curies":[{"name":"wp","href":"https:\/\/api.w.org\/{rel}","templated":true}]}}